{"id":8823,"date":"2023-08-20T11:07:26","date_gmt":"2023-08-20T15:07:26","guid":{"rendered":"https:\/\/reddeapoyocanino.org\/?post_type=mec-events&#038;p=8823"},"modified":"2023-08-20T11:07:26","modified_gmt":"2023-08-20T15:07:26","slug":"jornada-de-esterilizacion-san-bernardino","status":"publish","type":"mec-events","link":"https:\/\/redanimalciudadana.org\/en\/events\/jornada-de-esterilizacion-san-bernardino\/","title":{"rendered":"JORNADA DE ESTERILIZACI\u00d3N-SAN BERNARDINO"},"content":{"rendered":"<p><strong>Direcci\u00f3n:<\/strong> <span data-sheets-value=\"{&quot;1&quot;:2,&quot;2&quot;:&quot;U. Educativa San Bernardino de Siena.\\nPlaz La Estrella.  Punto de Referencia Ubicado \\npor la calle detras del Forum de San Bernardino&quot;}\" data-sheets-userformat=\"{&quot;2&quot;:15357,&quot;3&quot;:{&quot;1&quot;:0},&quot;5&quot;:{&quot;1&quot;:[{&quot;1&quot;:2,&quot;2&quot;:0,&quot;5&quot;:{&quot;1&quot;:2,&quot;2&quot;:0}},{&quot;1&quot;:0,&quot;2&quot;:0,&quot;3&quot;:3},{&quot;1&quot;:1,&quot;2&quot;:0,&quot;4&quot;:1}]},&quot;6&quot;:{&quot;1&quot;:[{&quot;1&quot;:2,&quot;2&quot;:0,&quot;5&quot;:{&quot;1&quot;:2,&quot;2&quot;:0}},{&quot;1&quot;:0,&quot;2&quot;:0,&quot;3&quot;:3},{&quot;1&quot;:1,&quot;2&quot;:0,&quot;4&quot;:1}]},&quot;7&quot;:{&quot;1&quot;:[{&quot;1&quot;:2,&quot;2&quot;:0,&quot;5&quot;:{&quot;1&quot;:2,&quot;2&quot;:0}},{&quot;1&quot;:0,&quot;2&quot;:0,&quot;3&quot;:3},{&quot;1&quot;:1,&quot;2&quot;:0,&quot;4&quot;:1}]},&quot;8&quot;:{&quot;1&quot;:[{&quot;1&quot;:2,&quot;2&quot;:0,&quot;5&quot;:{&quot;1&quot;:2,&quot;2&quot;:0}},{&quot;1&quot;:0,&quot;2&quot;:0,&quot;3&quot;:3},{&quot;1&quot;:1,&quot;2&quot;:0,&quot;4&quot;:1}]},&quot;9&quot;:1,&quot;10&quot;:1,&quot;11&quot;:4,&quot;12&quot;:0,&quot;14&quot;:{&quot;1&quot;:2,&quot;2&quot;:0},&quot;15&quot;:&quot;Century Gothic&quot;,&quot;16&quot;:10}\">U. Educativa San Bernardino de Siena. Plaza La Estrella. Punto de Referencia Ubicado<br \/>\npor la calle detr\u00e1s del Forum de San Bernardino<\/span><\/p>\n<p>&nbsp;<\/p>\n<p>&nbsp;<\/p>\n<p><strong>\u00a0 \u00a0 \u00a0 \u00a0 \u00a0 \u00a0 \u00a0 \u00a0 \u00a0 \u00a0 \u00a0 \u00a0 \u00a0 \u00a0 \u00a0 \u00a0 \u00a0 \u00a0 \u00a0 \u00a0 \u00a0 \u00a0 \u00a0 \u00a0 \u00a0 \u00a0 \u00a0 \u00a0 \u00a0 \u00a0 \u00a0 COSTOS DE LAS CIRUG\u00cdAS:<\/strong><\/p>\n<p>&nbsp;<\/p>\n<ul>\n<li>FELINOS $ 25<\/li>\n<li>CANINOS HASTA 10 KGS $ 35<\/li>\n<li>CANINOS ENTRE 11 Y 20 KGS $ 40<\/li>\n<li>CANINOS ENTRE 21 Y 25 KGS $ 50<\/li>\n<li>CANINOS ENTRE 26 Y 30 KGS (Su aceptaci\u00f3n y precio en el caso de los caninos hembras, depender\u00e1 de la condici\u00f3n corporal del animal)<\/li>\n<li>Tratamiento post- operatorio $1 (Machos felinos NO lo requieren)<\/li>\n<\/ul>\n<p>&nbsp;<\/p>\n<p>&nbsp;<\/p>\n<p><strong><u>NOTA:<\/u><\/strong>\u00a0Las actividades de esterilizaci\u00f3n que se realicen en zonas perif\u00e9ricas de la Gran Caracas (La Guaira, Guarenas, Los Teques, Valles del Tuy, etc. tendr\u00e1n un recargo de 2 d\u00f3lares por animal)<\/p>\n<p>&nbsp;<\/p>\n<p>Para solicitar cupo, debe por favor completar el siguiente formulario:<\/p>\n<p><a href=\"https:\/\/forms.gle\/9y9FFzoAm4fe53bu9\">https:\/\/forms.gle\/9y9FFzoAm4fe53bu9<\/a><\/p>\n","protected":false},"excerpt":{"rendered":"<p>Direcci\u00f3n: U. Educativa San Bernardino de Siena. Plaza La Estrella. Punto de Referencia Ubicado por la calle detr\u00e1s del Forum de San Bernardino &nbsp; &nbsp; \u00a0 \u00a0 \u00a0 \u00a0 \u00a0 [&hellip;]<\/p>\n","protected":false},"author":2,"featured_media":0,"comment_status":"open","ping_status":"closed","template":"","meta":{"site-sidebar-layout":"default","site-content-layout":"","ast-site-content-layout":"default","site-content-style":"default","site-sidebar-style":"default","ast-global-header-display":"","ast-banner-title-visibility":"","ast-main-header-display":"","ast-hfb-above-header-display":"","ast-hfb-below-header-display":"","ast-hfb-mobile-header-display":"","site-post-title":"","ast-breadcrumbs-content":"","ast-featured-img":"","footer-sml-layout":"","ast-disable-related-posts":"","theme-transparent-header-meta":"default","adv-header-id-meta":"","stick-header-meta":"","header-above-stick-meta":"","header-main-stick-meta":"","header-below-stick-meta":"","astra-migrate-meta-layouts":"set","ast-page-background-enabled":"default","ast-page-background-meta":{"desktop":{"background-color":"","background-image":"","background-repeat":"repeat","background-position":"center center","background-size":"auto","background-attachment":"scroll","background-type":"","background-media":"","overlay-type":"","overlay-color":"","overlay-opacity":"","overlay-gradient":""},"tablet":{"background-color":"","background-image":"","background-repeat":"repeat","background-position":"center center","background-size":"auto","background-attachment":"scroll","background-type":"","background-media":"","overlay-type":"","overlay-color":"","overlay-opacity":"","overlay-gradient":""},"mobile":{"background-color":"","background-image":"","background-repeat":"repeat","background-position":"center center","background-size":"auto","background-attachment":"scroll","background-type":"","background-media":"","overlay-type":"","overlay-color":"","overlay-opacity":"","overlay-gradient":""}},"ast-content-background-meta":{"desktop":{"background-color":"var(--ast-global-color-5)","background-image":"","background-repeat":"repeat","background-position":"center center","background-size":"auto","background-attachment":"scroll","background-type":"","background-media":"","overlay-type":"","overlay-color":"","overlay-opacity":"","overlay-gradient":""},"tablet":{"background-color":"var(--ast-global-color-5)","background-image":"","background-repeat":"repeat","background-position":"center center","background-size":"auto","background-attachment":"scroll","background-type":"","background-media":"","overlay-type":"","overlay-color":"","overlay-opacity":"","overlay-gradient":""},"mobile":{"background-color":"var(--ast-global-color-5)","background-image":"","background-repeat":"repeat","background-position":"center center","background-size":"auto","background-attachment":"scroll","background-type":"","background-media":"","overlay-type":"","overlay-color":"","overlay-opacity":"","overlay-gradient":""}},"ngg_post_thumbnail":0},"tags":[],"mec_category":[],"class_list":["post-8823","mec-events","type-mec-events","status-publish","hentry"],"yoast_head":"<!-- This site is optimized with the Yoast SEO plugin v28.4 - https:\/\/yoast.com\/product\/yoast-seo-wordpress\/ -->\n<title>JORNADA DE ESTERILIZACI\u00d3N-SAN BERNARDINO - Red de Apoyo Canino<\/title>\n<meta name=\"robots\" content=\"index, follow, max-snippet:-1, max-image-preview:large, max-video-preview:-1\" \/>\n<link rel=\"canonical\" href=\"https:\/\/reddeapoyocanino.org\/events\/jornada-de-esterilizacion-san-bernardino\/\" \/>\n<meta property=\"og:locale\" content=\"en_US\" \/>\n<meta property=\"og:type\" content=\"article\" \/>\n<meta property=\"og:title\" content=\"JORNADA DE ESTERILIZACI\u00d3N-SAN BERNARDINO - Red de Apoyo Canino\" \/>\n<meta property=\"og:description\" content=\"Direcci\u00f3n: U. Educativa San Bernardino de Siena. Plaza La Estrella. Punto de Referencia Ubicado por la calle detr\u00e1s del Forum de San Bernardino &nbsp; &nbsp; \u00a0 \u00a0 \u00a0 \u00a0 \u00a0 [&hellip;]\" \/>\n<meta property=\"og:url\" content=\"https:\/\/reddeapoyocanino.org\/events\/jornada-de-esterilizacion-san-bernardino\/\" \/>\n<meta property=\"og:site_name\" content=\"Red de Apoyo Canino\" \/>\n<meta name=\"twitter:card\" content=\"summary_large_image\" \/>\n<meta name=\"twitter:label1\" content=\"Est. reading time\" \/>\n\t<meta name=\"twitter:data1\" content=\"1 minute\" \/>\n<script type=\"application\/ld+json\" class=\"yoast-schema-graph\">{\"@context\":\"https:\\\/\\\/schema.org\",\"@graph\":[{\"@type\":\"WebPage\",\"@id\":\"https:\\\/\\\/reddeapoyocanino.org\\\/events\\\/jornada-de-esterilizacion-san-bernardino\\\/\",\"url\":\"https:\\\/\\\/reddeapoyocanino.org\\\/events\\\/jornada-de-esterilizacion-san-bernardino\\\/\",\"name\":\"JORNADA DE ESTERILIZACI\u00d3N-SAN BERNARDINO - Red de Apoyo Canino\",\"isPartOf\":{\"@id\":\"https:\\\/\\\/reddeapoyocanino.org\\\/#website\"},\"datePublished\":\"2023-08-20T15:07:26+00:00\",\"breadcrumb\":{\"@id\":\"https:\\\/\\\/reddeapoyocanino.org\\\/events\\\/jornada-de-esterilizacion-san-bernardino\\\/#breadcrumb\"},\"inLanguage\":\"en-US\",\"potentialAction\":[{\"@type\":\"ReadAction\",\"target\":[\"https:\\\/\\\/reddeapoyocanino.org\\\/events\\\/jornada-de-esterilizacion-san-bernardino\\\/\"]}]},{\"@type\":\"BreadcrumbList\",\"@id\":\"https:\\\/\\\/reddeapoyocanino.org\\\/events\\\/jornada-de-esterilizacion-san-bernardino\\\/#breadcrumb\",\"itemListElement\":[{\"@type\":\"ListItem\",\"position\":1,\"name\":\"Home\",\"item\":\"https:\\\/\\\/reddeapoyocanino.org\\\/\"},{\"@type\":\"ListItem\",\"position\":2,\"name\":\"Eventos\",\"item\":\"https:\\\/\\\/reddeapoyocanino.org\\\/events\\\/\"},{\"@type\":\"ListItem\",\"position\":3,\"name\":\"JORNADA DE ESTERILIZACI\u00d3N-SAN BERNARDINO\"}]},{\"@type\":\"WebSite\",\"@id\":\"https:\\\/\\\/reddeapoyocanino.org\\\/#website\",\"url\":\"https:\\\/\\\/reddeapoyocanino.org\\\/\",\"name\":\"Red de Apoyo Canino\",\"description\":\"Red de Apoyo Canino\",\"publisher\":{\"@id\":\"https:\\\/\\\/reddeapoyocanino.org\\\/#organization\"},\"potentialAction\":[{\"@type\":\"SearchAction\",\"target\":{\"@type\":\"EntryPoint\",\"urlTemplate\":\"https:\\\/\\\/reddeapoyocanino.org\\\/?s={search_term_string}\"},\"query-input\":{\"@type\":\"PropertyValueSpecification\",\"valueRequired\":true,\"valueName\":\"search_term_string\"}}],\"inLanguage\":\"en-US\"},{\"@type\":\"Organization\",\"@id\":\"https:\\\/\\\/reddeapoyocanino.org\\\/#organization\",\"name\":\"Red de Apoyo Canino\",\"url\":\"https:\\\/\\\/reddeapoyocanino.org\\\/\",\"logo\":{\"@type\":\"ImageObject\",\"inLanguage\":\"en-US\",\"@id\":\"https:\\\/\\\/reddeapoyocanino.org\\\/#\\\/schema\\\/logo\\\/image\\\/\",\"url\":\"https:\\\/\\\/redanimalciudadana.org\\\/wp-content\\\/uploads\\\/2020\\\/09\\\/cropped-cropped-logo-RAC-01-01-1.png\",\"contentUrl\":\"https:\\\/\\\/redanimalciudadana.org\\\/wp-content\\\/uploads\\\/2020\\\/09\\\/cropped-cropped-logo-RAC-01-01-1.png\",\"width\":463,\"height\":203,\"caption\":\"Red de Apoyo Canino\"},\"image\":{\"@id\":\"https:\\\/\\\/reddeapoyocanino.org\\\/#\\\/schema\\\/logo\\\/image\\\/\"}}]}<\/script>\n<!-- \/ Yoast SEO plugin. -->","yoast_head_json":{"title":"JORNADA DE ESTERILIZACI\u00d3N-SAN BERNARDINO - Red de Apoyo Canino","robots":{"index":"index","follow":"follow","max-snippet":"max-snippet:-1","max-image-preview":"max-image-preview:large","max-video-preview":"max-video-preview:-1"},"canonical":"https:\/\/reddeapoyocanino.org\/events\/jornada-de-esterilizacion-san-bernardino\/","og_locale":"en_US","og_type":"article","og_title":"JORNADA DE ESTERILIZACI\u00d3N-SAN BERNARDINO - Red de Apoyo Canino","og_description":"Direcci\u00f3n: U. Educativa San Bernardino de Siena. Plaza La Estrella. Punto de Referencia Ubicado por la calle detr\u00e1s del Forum de San Bernardino &nbsp; &nbsp; \u00a0 \u00a0 \u00a0 \u00a0 \u00a0 [&hellip;]","og_url":"https:\/\/reddeapoyocanino.org\/events\/jornada-de-esterilizacion-san-bernardino\/","og_site_name":"Red de Apoyo Canino","twitter_card":"summary_large_image","twitter_misc":{"Est. reading time":"1 minute"},"schema":{"@context":"https:\/\/schema.org","@graph":[{"@type":"WebPage","@id":"https:\/\/reddeapoyocanino.org\/events\/jornada-de-esterilizacion-san-bernardino\/","url":"https:\/\/reddeapoyocanino.org\/events\/jornada-de-esterilizacion-san-bernardino\/","name":"JORNADA DE ESTERILIZACI\u00d3N-SAN BERNARDINO - Red de Apoyo Canino","isPartOf":{"@id":"https:\/\/reddeapoyocanino.org\/#website"},"datePublished":"2023-08-20T15:07:26+00:00","breadcrumb":{"@id":"https:\/\/reddeapoyocanino.org\/events\/jornada-de-esterilizacion-san-bernardino\/#breadcrumb"},"inLanguage":"en-US","potentialAction":[{"@type":"ReadAction","target":["https:\/\/reddeapoyocanino.org\/events\/jornada-de-esterilizacion-san-bernardino\/"]}]},{"@type":"BreadcrumbList","@id":"https:\/\/reddeapoyocanino.org\/events\/jornada-de-esterilizacion-san-bernardino\/#breadcrumb","itemListElement":[{"@type":"ListItem","position":1,"name":"Home","item":"https:\/\/reddeapoyocanino.org\/"},{"@type":"ListItem","position":2,"name":"Eventos","item":"https:\/\/reddeapoyocanino.org\/events\/"},{"@type":"ListItem","position":3,"name":"JORNADA DE ESTERILIZACI\u00d3N-SAN BERNARDINO"}]},{"@type":"WebSite","@id":"https:\/\/reddeapoyocanino.org\/#website","url":"https:\/\/reddeapoyocanino.org\/","name":"Red de Apoyo Canino","description":"Red de Apoyo Canino","publisher":{"@id":"https:\/\/reddeapoyocanino.org\/#organization"},"potentialAction":[{"@type":"SearchAction","target":{"@type":"EntryPoint","urlTemplate":"https:\/\/reddeapoyocanino.org\/?s={search_term_string}"},"query-input":{"@type":"PropertyValueSpecification","valueRequired":true,"valueName":"search_term_string"}}],"inLanguage":"en-US"},{"@type":"Organization","@id":"https:\/\/reddeapoyocanino.org\/#organization","name":"Red de Apoyo Canino","url":"https:\/\/reddeapoyocanino.org\/","logo":{"@type":"ImageObject","inLanguage":"en-US","@id":"https:\/\/reddeapoyocanino.org\/#\/schema\/logo\/image\/","url":"https:\/\/redanimalciudadana.org\/wp-content\/uploads\/2020\/09\/cropped-cropped-logo-RAC-01-01-1.png","contentUrl":"https:\/\/redanimalciudadana.org\/wp-content\/uploads\/2020\/09\/cropped-cropped-logo-RAC-01-01-1.png","width":463,"height":203,"caption":"Red de Apoyo Canino"},"image":{"@id":"https:\/\/reddeapoyocanino.org\/#\/schema\/logo\/image\/"}}]}},"_links":{"self":[{"href":"https:\/\/redanimalciudadana.org\/en\/wp-json\/wp\/v2\/mec-events\/8823","targetHints":{"allow":["GET"]}}],"collection":[{"href":"https:\/\/redanimalciudadana.org\/en\/wp-json\/wp\/v2\/mec-events"}],"about":[{"href":"https:\/\/redanimalciudadana.org\/en\/wp-json\/wp\/v2\/types\/mec-events"}],"author":[{"embeddable":true,"href":"https:\/\/redanimalciudadana.org\/en\/wp-json\/wp\/v2\/users\/2"}],"replies":[{"embeddable":true,"href":"https:\/\/redanimalciudadana.org\/en\/wp-json\/wp\/v2\/comments?post=8823"}],"wp:attachment":[{"href":"https:\/\/redanimalciudadana.org\/en\/wp-json\/wp\/v2\/media?parent=8823"}],"wp:term":[{"taxonomy":"post_tag","embeddable":true,"href":"https:\/\/redanimalciudadana.org\/en\/wp-json\/wp\/v2\/tags?post=8823"},{"taxonomy":"mec_category","embeddable":true,"href":"https:\/\/redanimalciudadana.org\/en\/wp-json\/wp\/v2\/mec_category?post=8823"}],"curies":[{"name":"wp","href":"https:\/\/api.w.org\/{rel}","templated":true}]}}